{"id":922,"date":"2019-03-18T15:21:53","date_gmt":"2019-03-18T15:21:53","guid":{"rendered":"http:\/\/test.w3itsolutions.net\/design\/wp_sanjusto\/?page_id=922"},"modified":"2026-04-08T15:03:48","modified_gmt":"2026-04-08T15:03:48","slug":"listado-de-parroquias","status":"publish","type":"page","link":"http:\/\/www.diocesisdesanjusto.org\/index.php\/listado-de-parroquias\/","title":{"rendered":"Parroquias y Capillas"},"content":{"rendered":"<p><strong><u>Catedral de los Santos Justo y Pastor &#8211; EC 1-11-1862<\/u><\/strong><\/p>\n<p><u><\/u>Direcci\u00f3n: Dr. Ignacio Arieta 3045 \u2013San Justo<br \/>\nTel\u00e9fono: 4651-1733 &#8211; whatsApp 4651-1733<br \/>\nSecretar\u00eda Parroquial: Lunes a s\u00e1bados de 10hs a 14hs y de 15hs a 19hs<br \/>\nMail: <strong>iglesiacatedralsanjusto@gmail.com<\/strong><\/p>\n<p>P\u00e1rroco: Pbro. Leandro Adimari<br \/>\n<strong>Capilla San Constantino:<\/strong><br \/>\nDirecci\u00f3n: Colombia y Camino de cintura<\/p>\n<p><iframe loading=\"lazy\" style=\"border: 0;\" src=\"https:\/\/www.google.com\/maps\/embed?pb=!1m18!1m12!1m3!1d3281.075152822979!2d-58.56372478476833!3d-34.67805268044028!2m3!1f0!2f0!3f0!3m2!1i1024!2i768!4f13.1!3m3!1m2!1s0x95bcc62f41f31521%3A0xe0d855bd58c0a81b!2sAv.+Dr.+Ignacio+Arieta+3045%2C+B1754AQA+San+Justo%2C+Buenos+Aires!5e0!3m2!1ses!2sar!4v1552922391213\" width=\"600\" height=\"450\" frameborder=\"0\" allowfullscreen=\"allowfullscreen\"><\/iframe><\/p>\n<p><u><strong>Parroquia San Juan Bosco y Santa Clara<\/strong><br \/>\n<\/u>Direcci\u00f3n: Indart y Alvear \u2013 Lomas del Mirador<br \/>\nTel\u00e9fono:\u00a07509-4776<\/p>\n<p>Horarios de Secretar\u00eda parroquial: mi\u00e9rcoles-jueves y viernes de 17 a 19hs<\/p>\n<p>P\u00e1rroco: Pbro. Julio Chazarreta<\/p>\n<p><iframe loading=\"lazy\" style=\"border: 0;\" src=\"https:\/\/www.google.com\/maps\/embed?pb=!1m18!1m12!1m3!1d3281.3913041807764!2d-58.54539679798277!3d-34.67007230967335!2m3!1f0!2f0!3f0!3m2!1i1024!2i768!4f13.1!3m3!1m2!1s0x95bcc88594a9611b%3A0xb66f4ee60710971b!2sParroquia+San+Juan+Bosco+y+Santa+Clara!5e0!3m2!1ses!2sar!4v1552922468572\" width=\"600\" height=\"450\" frameborder=\"0\" allowfullscreen=\"allowfullscreen\"><\/iframe><br \/>\n<u><br \/>\n<strong>Parroquia Santuario Sagrado Coraz\u00f3n de Jes\u00fas &#8211; EC 31-1-1967<\/strong><\/u><\/p>\n<p>Perteneciente a los Sacerdotes de la Obra de Don Bosco (Salesianos)<br \/>\nDirecci\u00f3n: Bufano 302 \u2013 San Justo<br \/>\nTel\u00e9fono: 4696-0217<br \/>\nSecretar\u00eda: martes a viernes 8.30 a 12 hs<\/p>\n<p><strong>P\u00e1rroco: RP. V\u00edctor Tarazona Oliveros sdb<\/strong><\/p>\n<p><strong>Vicarios<\/strong><\/p>\n<p>RP. Juan Carlos De Pablo sdb &#8211; RP. Vicente Tirabasso sdb<\/p>\n<p>RP. Miguel Bencharski sdb<\/p>\n<p><iframe loading=\"lazy\" style=\"border: 0;\" src=\"https:\/\/www.google.com\/maps\/embed?pb=!1m18!1m12!1m3!1d3281.4876781104476!2d-58.59915476068723!3d-34.66763929548179!2m3!1f0!2f0!3f0!3m2!1i1024!2i768!4f13.1!3m3!1m2!1s0x95bcc7a7aec728d7%3A0x484762a57f9e6544!2sC.F.P.+N%C2%B0+401+%22San+Juan+Bosco%22!5e0!3m2!1ses!2sar!4v1552922698620\" width=\"600\" height=\"450\" frameborder=\"0\" allowfullscreen=\"allowfullscreen\"><\/iframe><\/p>\n<p><strong>CAPILLAS<\/strong><\/p>\n<hr \/>\n<p><strong>Capilla Sagrada Familia:<\/strong><br \/>\nDirecci\u00f3n: Alicante y la Paz \u2013 San Justo<\/p>\n<p><iframe loading=\"lazy\" style=\"border: 0;\" src=\"https:\/\/www.google.com\/maps\/embed?pb=!1m18!1m12!1m3!1d3280.9119411775528!2d-58.59440168476821!3d-34.682171880439306!2m3!1f0!2f0!3f0!3m2!1i1024!2i768!4f13.1!3m3!1m2!1s0x95bcc653daa0055f%3A0x384f2e466d24af97!2sLa+Paz+%26+Alicante%2C+Villa+Luzuriaga%2C+Buenos+Aires!5e0!3m2!1ses!2sar!4v1552922828544\" width=\"600\" height=\"450\" frameborder=\"0\" allowfullscreen=\"allowfullscreen\"><\/iframe><\/p>\n<p><strong>Capilla Virgen del Valle:<\/strong><br \/>\nDirecci\u00f3n: Triunvirato y Los Andes \u2013 San Justo<\/p>\n<p><strong>Capilla San Cayetano:<\/strong><br \/>\nDirecci\u00f3n: Larraz\u00e1bal y Los Andes \u2013 San Justo<\/p>\n<p><iframe loading=\"lazy\" style=\"border: 0;\" src=\"https:\/\/www.google.com\/maps\/embed?pb=!1m18!1m12!1m3!1d3656.4480245840064!2d-58.60263712578641!3d-34.67666091447556!2m3!1f0!2f0!3f0!3m2!1i1024!2i768!4f13.1!3m3!1m2!1s0x95bcc7009731b5cd%3A0x354632ddd7b7bd34!2sLos+Andes+%26+Larrazabal%2C+Villa+Luzuriaga%2C+Buenos+Aires!5e0!3m2!1ses!2sar!4v1552928720227\" width=\"600\" height=\"450\" frameborder=\"0\" allowfullscreen=\"allowfullscreen\"><\/iframe><\/p>\n<p><strong>Parroquia Stella Maris &#8211; EC 25-12-1961<\/strong><\/p>\n<p>Unidad Pastoral junto a la Parroquia San Juan Bautista<\/p>\n<p>Direcci\u00f3n: Berm\u00fadez 2650 \u2013 Villa Luzuriaga<\/p>\n<p>P\u00e1rroco : Pbro. Carlos Torre<\/p>\n<p>Vicario Parroquial : Pbro. Marcelo Dom\u00ednguez<\/p>\n<p>Tel\u00e9fono: 4443-5215 \/3966-5731<\/p>\n<p>Secretar\u00eda Parroquial:\u00a0Martes y jueves de 15.30hs a 18.30hs &#8211; D\u00eda mi\u00e9rcoles de 17hs a 18.30hs<\/p>\n<p><a href=\"mailto:pquiastellamaris@gmail.com\">Mail: pquiastellamaris@gmail.com<\/a><\/p>\n<p><iframe loading=\"lazy\" style=\"border: 0;\" src=\"https:\/\/www.google.com\/maps\/embed?pb=!1m18!1m12!1m3!1d3281.6267228961037!2d-58.58523708519311!3d-34.66412876820321!2m3!1f0!2f0!3f0!3m2!1i1024!2i768!4f13.1!3m3!1m2!1s0x95bcc7ba1e49f511%3A0xcb7d6b63b5d47b65!2sBerm%C3%BAdez%202650%2C%20B1753FVT%20Villa%20Luzuriaga%2C%20Buenos%20Aires%2C%20Argentina!5e0!3m2!1ses-419!2sus!4v1581123852346!5m2!1ses-419!2sus\" width=\"600\" height=\"450\" frameborder=\"0\" allowfullscreen=\"allowfullscreen\"><\/iframe><\/p>\n<p><strong>Capilla San Francisco de As\u00eds:<\/strong><br \/>\nDirecci\u00f3n: Lartigao y Juan Florio<\/p>\n<p><iframe loading=\"lazy\" style=\"border: 0;\" src=\"https:\/\/www.google.com\/maps\/embed?pb=!1m18!1m12!1m3!1d3402.05369698507!2d-58.5760791133999!3d-34.66921536193725!2m3!1f0!2f0!3f0!3m2!1i1024!2i768!4f13.1!3m3!1m2!1s0x95bcc7ca5a460443%3A0x84d8dcb825d6822e!2sJuan+Florio+%26+Alberto+Lartigau%2C+San+Justo%2C+Buenos+Aires!5e0!3m2!1ses!2sar!4v1552929386494\" width=\"600\" height=\"450\" frameborder=\"0\" allowfullscreen=\"allowfullscreen\"><\/iframe><br \/>\n<strong><u>5-Parroquia Nuestra Se\u00f1ora de F\u00e1tima &#8211; EC 25-12-1961<br \/>\n<\/u><\/strong>Cerrito 2350 \u2013 Lomas del Mirador<br \/>\nTel\u00e9fono: 4651-2554\/ 4482-4095<\/p>\n<p>Secretar\u00eda: lunes-mi\u00e9rcoles y viernes<\/p>\n<p>P\u00e1rroco: Pbro. Fabi\u00e1n Fusca<\/p>\n<p><iframe loading=\"lazy\" style=\"border: 0;\" src=\"https:\/\/www.google.com\/maps\/embed?pb=!1m18!1m12!1m3!1d3281.739033638073!2d-58.54545038476869!3d-34.661292980444635!2m3!1f0!2f0!3f0!3m2!1i1024!2i768!4f13.1!3m3!1m2!1s0x95bcc87cd7c55d21%3A0xa75648e6e42552fb!2sCerrito+2350%2C+B1752ADN+Lomas+del+Mirador%2C+Buenos+Aires!5e0!3m2!1ses!2sar!4v1552929456638\" width=\"600\" height=\"450\" frameborder=\"0\" allowfullscreen=\"allowfullscreen\"><\/iframe><\/p>\n<p><strong>Capilla Jes\u00fas Misericordioso:<\/strong><br \/>\nDirecci\u00f3n: Av. San Mart\u00edn 3180 &#8211; Lomas del Mirador<\/p>\n<p><iframe loading=\"lazy\" style=\"border: 0;\" src=\"https:\/\/www.google.com\/maps\/embed?pb=!1m18!1m12!1m3!1d3281.516896990273!2d-58.536669734520935!3d-34.666901618874654!2m3!1f0!2f0!3f0!3m2!1i1024!2i768!4f13.1!3m3!1m2!1s0x95bcc88c74adc073%3A0xcb2327a4d662ea45!2sAv.+Gral.+San+Mart%C3%ADn+3180%2C+Lomas+del+Mirador%2C+Buenos+Aires!5e0!3m2!1ses!2sar!4v1552929591468\" width=\"600\" height=\"450\" frameborder=\"0\" allowfullscreen=\"allowfullscreen\"><\/iframe><\/p>\n<p><strong><u>Parroquia Nuestra Se\u00f1ora de Lourdes &#8211; EC 1991<br \/>\n<\/u><\/strong>Direcci\u00f3n: Almafuerte e Incl\u00e1n \u2013San Justo<br \/>\nConsultas telef\u00f3nicas: 11 2109 3045<br \/>\nSecretar\u00eda Parroquial: Los d\u00edas jueves de 14.30 a 17.30hs<br \/>\nP\u00e1rroco: Pbro. Enrique Parasco<\/p>\n<p><strong>Capilla Santa Bernardita<\/strong><br \/>\nDirecci\u00f3n: Ingeniero White y Adolfo Berro \u2013 La Tablada<\/p>\n<p><iframe loading=\"lazy\" style=\"border: 0;\" src=\"https:\/\/www.google.com\/maps\/embed?pb=!1m18!1m12!1m3!1d1828.0015493810229!2d-58.548694649789404!3d-34.68674051758464!2m3!1f0!2f0!3f0!3m2!1i1024!2i768!4f13.1!3m3!1m2!1s0x95bcc8a221be87bb%3A0x8ea00f57bbb36521!2sAlmafuerte+%26+Incl%C3%A1n%2C+San+Justo%2C+Buenos+Aires!5e0!3m2!1ses!2sar!4v1552929690934\" width=\"600\" height=\"450\" frameborder=\"0\" allowfullscreen=\"allowfullscreen\"><\/iframe><\/p>\n<p><strong><u>Parroquia Nuestra Se\u00f1ora de Luj\u00e1n &#8211; EC 8-9-1962<br \/>\n<\/u><\/strong>Direcci\u00f3n: Derqui 3843\u00a0 -San Justo<br \/>\nTel\u00e9fono: 2056-4907<\/p>\n<p>Secretar\u00eda Parroquial: Los d\u00edas jueves de 18 a 20 hs<\/p>\n<p>Mail<u>: pquiansl@gmail.com<\/u><\/p>\n<p><u><\/u>P\u00e1rroco : Pbro. Leonardo Pereyra<\/p>\n<p><iframe loading=\"lazy\" style=\"border: 0;\" src=\"https:\/\/www.google.com\/maps\/embed?pb=!1m18!1m12!1m3!1d1570.7640120026135!2d-58.56236355791299!3d-34.68965792420586!2m3!1f0!2f0!3f0!3m2!1i1024!2i768!4f13.1!3m3!1m2!1s0x95bcc61897031935%3A0xe9182635004ff7e5!2sDerqui+3843%2C+San+Justo%2C+Buenos+Aires!5e0!3m2!1ses!2sar!4v1552929798753\" width=\"600\" height=\"450\" frameborder=\"0\" allowfullscreen=\"allowfullscreen\"><\/iframe><\/p>\n<p><u><strong>Parroquia San Juan Bautista &#8211; EC 19-3-1982<\/strong><br \/>\n<\/u>Mir\u00f3 5233 \u2013Isidro Casanova<br \/>\nTel\u00e9fono: 4486-0597<br \/>\nLa atenci\u00f3n Pastoral y la Administraci\u00f3n de esta Parroquia est\u00e1 a cargo del equipo de sacerdotes, coordinado por el Vicario General Pbro. Juan Morre, como Director de la Cura pastoral, siendo asistido por el Pbro. Daniel Molina a cargo de la sede parroquial,\u00a0 el P. Norberto Figliuolo a cargo de la Iglesia Don Bosco y la Capilla Mar\u00eda Made de los Pobres.<\/p>\n<p><strong>Capilla Mar\u00eda Madre de los Pobres:<\/strong><br \/>\nDirecci\u00f3n: Rucci 423 esq. Triunvirato<\/p>\n<p><iframe loading=\"lazy\" style=\"border: 0;\" src=\"https:\/\/www.google.com\/maps\/embed?pb=!1m18!1m12!1m3!1d2370.6751034017707!2d-58.604451502960615!3d-34.68464390594808!2m3!1f0!2f0!3f0!3m2!1i1024!2i768!4f13.1!3m3!1m2!1s0x95bcc6fedef99d13%3A0x8a9d0b5182065159!2sMir%C3%B3+5233%2C+B1753FFY+Villa+Luzuriaga%2C+Buenos+Aires!5e0!3m2!1ses!2sar!4v1552929872212\" width=\"600\" height=\"450\" frameborder=\"0\" allowfullscreen=\"allowfullscreen\"><\/iframe><\/p>\n<p><strong>Capilla Centro Don Bosco:<br \/>\n<\/strong>Direcci\u00f3n: Par\u00eds y Granaderos<br \/>\n<strong>Capilla Laura Vicu\u00f1a:<\/strong><br \/>\nDirecci\u00f3n: Miguel Can\u00e9 y La Porte\u00f1a<\/p>\n<p><iframe loading=\"lazy\" style=\"border: 0;\" src=\"https:\/\/www.google.com\/maps\/embed?pb=!1m18!1m12!1m3!1d914.0679047108999!2d-58.602002718705016!3d-34.680659682029145!2m3!1f0!2f0!3f0!3m2!1i1024!2i768!4f13.1!3m3!1m2!1s0x95bcc6ffdef86097%3A0x83aa0b589d0da953!2sLa+Porte%C3%B1a+%26+Miguel+Can%C3%A9%2C+Villa+Luzuriaga%2C+Buenos+Aires!5e0!3m2!1ses!2sar!4v1552929953828\" width=\"600\" height=\"450\" frameborder=\"0\" allowfullscreen=\"allowfullscreen\"><\/iframe><\/p>\n<p><strong><u>Parroquia Santa Rita de Casia &#8211; EC 2-2-1999<br \/>\n<\/u><\/strong>Direcci\u00f3n: Brasil 3322 \u2013 San Justo<br \/>\nTel\u00e9fono: 2131-1923 &#8211; whatsApp 2498- 3053<\/p>\n<p>Mail: <a href=\"mailto:santarita3322@gmail.com\">santarita3322@gmail.com<\/a><\/p>\n<p>P\u00e1rroco: Pbro. Pablo Vernet<\/p>\n<p><iframe loading=\"lazy\" style=\"border: 0;\" src=\"https:\/\/www.google.com\/maps\/embed?pb=!1m18!1m12!1m3!1d1071.29590236178!2d-58.572863499090616!3d-34.69115626513546!2m3!1f0!2f0!3f0!3m2!1i1024!2i768!4f13.1!3m3!1m2!1s0x95bcc63e057e0443%3A0xc56e05a61f2d9813!2sBrasil+3322%2C+B1754DBD+San+Justo%2C+Buenos+Aires!5e0!3m2!1ses!2sar!4v1552930018961\" width=\"600\" height=\"450\" frameborder=\"0\" allowfullscreen=\"allowfullscreen\"><\/iframe><\/p>\n<p><strong>Capilla Ntra. Sra. del Carmen<\/strong><br \/>\nDirecci\u00f3n: Pedro Le\u00f3n Gallo e Hip\u00f3lito Irigoyen \u2013 Play\u00f3n del Barrio 20 de junio<\/p>\n<p><iframe loading=\"lazy\" style=\"border: 0;\" src=\"https:\/\/www.google.com\/maps\/embed?pb=!1m18!1m12!1m3!1d1537.0605899670452!2d-58.576418548408775!3d-34.6920913691323!2m3!1f0!2f0!3f0!3m2!1i1024!2i768!4f13.1!3m3!1m2!1s0x95bcc63fe95888bb%3A0xd426c60e32ac66e8!2sPedro+Le%C3%B3n+Gallo+%26+Hip%C3%B3lito+Yrigoyen%2C+San+Justo%2C+Buenos+Aires!5e0!3m2!1ses!2sar!4v1552930084656\" width=\"600\" height=\"450\" frameborder=\"0\" allowfullscreen=\"allowfullscreen\"><\/iframe><\/p>\n<p><u><strong>Parroquia San Nicol\u00e1s &#8211; EC 25-12-1961<\/strong><br \/>\n<\/u>Direcci\u00f3n: Florencio Varela 4035 \u2013 San Justo<br \/>\nTel\u00e9fono: 4482-2296<\/p>\n<p>Secretar\u00eda Parroquial: Lunes a viernes de 16 a 17.30hs<\/p>\n<p>P\u00e1rroco: Pbro. Juan Carlos Cagliani<\/p>\n<p><iframe loading=\"lazy\" style=\"border: 0;\" src=\"https:\/\/www.google.com\/maps\/embed?pb=!1m18!1m12!1m3!1d820.2019645658635!2d-58.57888547196965!3d-34.68479854267968!2m3!1f0!2f0!3f0!3m2!1i1024!2i768!4f13.1!3m3!1m2!1s0x95bcc647eb3279c5%3A0xcd9c04da53645c50!2sFlorencio+Varela+4035%2C+B1754JFS+San+Justo%2C+Buenos+Aires!5e0!3m2!1ses!2sar!4v1552930132721\" width=\"600\" height=\"450\" frameborder=\"0\" allowfullscreen=\"allowfullscreen\"><\/iframe><\/p>\n<p><u><strong>Parroquia San P\u00edo X &#8211; EC 1999<\/strong><br \/>\n<\/u>Direcci\u00f3n: Monta\u00f1eses y Chenaut<br \/>\nTel\u00e9fono: 11 31 56 72 53<\/p>\n<p>Secretar\u00eda Parroquial: mi\u00e9rcoles y viernes 17.30 hs a 19hs<\/p>\n<p>P\u00e1rroco: Pbro. Mario Calvani<\/p>\n<p><iframe loading=\"lazy\" style=\"border: 0;\" src=\"https:\/\/www.google.com\/maps\/embed?pb=!1m18!1m12!1m3!1d1246.5680748152824!2d-58.56830793013563!3d-34.699485779801066!2m3!1f0!2f0!3f0!3m2!1i1024!2i768!4f13.1!3m3!1m2!1s0x95bcc61038801161%3A0xcde6aefa22afc2aa!2sChenaut+%26+Monta%C3%B1eses%2C+San+Justo%2C+Buenos+Aires!5e0!3m2!1ses!2sar!4v1552930228104\" width=\"600\" height=\"450\" frameborder=\"0\" allowfullscreen=\"allowfullscreen\"><\/iframe><\/p>\n<p><u><strong>Parroquia San Roque (Isidro Casanova) &#8211; EC 2-3-1997<\/strong><br \/>\n<\/u>Direcci\u00f3n: Rucci y Caupolic\u00e1n \u2013 Isidro Casanova<br \/>\nTel\u00e9fono: 4485-9432<br \/>\nP\u00e1rroco: Pbro. Daniel Molina<\/p>\n<p>Secretar\u00eda Parroquial: viernes de 18 a 19 hs \u2013 s\u00e1bados de 17.30hs a 19hs<\/p>\n<p><strong>Iglesia San Jos\u00e9:\u00a0<\/strong>a cargo del Pbro. Gustavo \u00c1lvarez<br \/>\nDirecci\u00f3n: Ram\u00f3n Carrillo e\/ Par\u00eds y Bruselas \u2013 Barrio Atalaya<\/p>\n<p><iframe loading=\"lazy\" style=\"border: 0;\" src=\"https:\/\/www.google.com\/maps\/embed?pb=!1m18!1m12!1m3!1d4378.993248595991!2d-58.594531814490395!3d-34.6916018415015!2m3!1f0!2f0!3f0!3m2!1i1024!2i768!4f13.1!3m3!1m2!1s0x95bcc65bbe561a9f%3A0x2788e58d577c2501!2sJos%C3%A9+Ignacio+Rucci+%26+Caupolican%2C+Isidro+Casanova%2C+Buenos+Aires!5e0!3m2!1ses!2sar!4v1552930290647\" width=\"600\" height=\"450\" frameborder=\"0\" allowfullscreen=\"allowfullscreen\"><\/iframe><\/p>\n<p><u><strong>Parroquia Nuestra Se\u00f1ora del Carmen &#8211; EC 6-3-1903<\/strong><br \/>\n<\/u>Direcci\u00f3n: \u00c1lvarez Jonte 77 \u2013 Ramos Mej\u00eda<br \/>\nTel\u00e9fono: 11 2649-5387<\/p>\n<p><u>Mail: <\/u><u>parroquiavirgendelcarmen1903@gmail.com<\/u><\/p>\n<p>Secretar\u00eda Parroquial: Martes a Viernes de 16 a 20hs.<\/p>\n<p>P\u00e1rroco: Pbro. Walter Posca<\/p>\n<p><iframe loading=\"lazy\" style=\"border: 0;\" src=\"https:\/\/www.google.com\/maps\/embed?pb=!1m18!1m12!1m3!1d1549.1828071499474!2d-58.56492990637338!3d-34.63943997842607!2m3!1f0!2f0!3f0!3m2!1i1024!2i768!4f13.1!3m3!1m2!1s0x95bcc7fac74a2af1%3A0x63c8502b34f6b0fd!2s%C3%81lvarez+Jonte+77%2C+Ramos+Mej%C3%ADa%2C+Buenos+Aires!5e0!3m2!1ses!2sar!4v1552930365035\" width=\"600\" height=\"450\" frameborder=\"0\" allowfullscreen=\"allowfullscreen\"><\/iframe><\/p>\n<p><u><strong>Capilla del Hospital San Juan de Dios<\/strong><br \/>\nDirecci\u00f3n: Ardoino 714<\/u><\/p>\n<p><iframe loading=\"lazy\" style=\"border: 0;\" src=\"https:\/\/www.google.com\/maps\/embed?pb=!1m18!1m12!1m3!1d3282.630600284293!2d-58.55734948476939!3d-34.6387741804504!2m3!1f0!2f0!3f0!3m2!1i1024!2i768!4f13.1!3m3!1m2!1s0x95bcc7e285df3837%3A0x5ff1e21863633c34!2sDr.+Gabriel+Ardoino+714%2C+Ramos+Mej%C3%ADa%2C+Buenos+Aires!5e0!3m2!1ses!2sar!4v1552930460158\" width=\"600\" height=\"450\" frameborder=\"0\" allowfullscreen=\"allowfullscreen\"><\/iframe><\/p>\n<p><strong>Parroquia Mar\u00eda Auxiliadora &#8211; EC 24-1-1958<\/strong><br \/>\nDirecci\u00f3n: Humboldt 920 \u2013Ramos Mej\u00eda<br \/>\nTel\u00e9fono: 4484-3435 -WhatsApp : 11 4097 5527<\/p>\n<p>Mail: Auxiliadorasantuario@gmail.com<\/p>\n<p>P\u00e1rroco: Pbro. Pablo Zanor<\/p>\n<p>Secretar\u00eda Parroquial:\u00a0 \u00a0Lunes y mi\u00e9rcoles 9 a 12hs \u2013 martes, jueves y viernes 16 a 19hs<\/p>\n<p><iframe loading=\"lazy\" style=\"border: 0;\" src=\"https:\/\/www.google.com\/maps\/embed?pb=!1m18!1m12!1m3!1d1909.5478410349522!2d-58.56172973044547!3d-34.66011455633865!2m3!1f0!2f0!3f0!3m2!1i1024!2i768!4f13.1!3m3!1m2!1s0x95bcc7d0bfd5ed79%3A0xa683a3eba40d29bb!2sHumboldt+920%2C+Ramos+Mej%C3%ADa%2C+Buenos+Aires!5e0!3m2!1ses!2sar!4v1552930509488\" width=\"600\" height=\"450\" frameborder=\"0\" allowfullscreen=\"allowfullscreen\"><\/iframe><\/p>\n<p><strong>Capilla Sagrada Familia<\/strong><br \/>\nDirecci\u00f3n: Humboldt y Bol\u00edvar<\/p>\n<p><iframe loading=\"lazy\" style=\"border: 0;\" src=\"https:\/\/www.google.com\/maps\/embed?pb=!1m18!1m12!1m3!1d1111.1668911723552!2d-58.55597583189313!3d-34.65469032523006!2m3!1f0!2f0!3f0!3m2!1i1024!2i768!4f13.1!3m3!1m2!1s0x95bcc7d88a096131%3A0x4658cea9ab418371!2sHumboldt+%26+Bol%C3%ADvar%2C+Ramos+Mej%C3%ADa%2C+Buenos+Aires!5e0!3m2!1ses!2sar!4v1552930545041\" width=\"600\" height=\"450\" frameborder=\"0\" allowfullscreen=\"allowfullscreen\"><\/iframe><\/p>\n<p><u><strong>Parroquia Nuestra Se\u00f1ora del Sagrado Coraz\u00f3n &#8211; EC 8-9-1963<\/strong><br \/>\n<\/u>Hernandarias 824 &#8211; Lomas del Mirador<br \/>\nTel\u00e9fono:<br \/>\nAdministrador Parroquial:<\/p>\n<p><iframe loading=\"lazy\" style=\"border: 0;\" src=\"https:\/\/www.google.com\/maps\/embed?pb=!1m18!1m12!1m3!1d2206.3261421426673!2d-58.53360852147177!3d-34.65542189074056!2m3!1f0!2f0!3f0!3m2!1i1024!2i768!4f13.1!3m3!1m2!1s0x95bcc860ad092557%3A0xbfce06db80319216!2sHernandarias+824%2C+B1752CQR+Lomas+del+Mirador%2C+Buenos+Aires!5e0!3m2!1ses!2sar!4v1552930622023\" width=\"600\" height=\"450\" frameborder=\"0\" allowfullscreen=\"allowfullscreen\"><\/iframe><br \/>\n<u><br \/>\n<strong>Parroquia Nuestra Se\u00f1ora del Monte Carmelo &#8211; EC 25-12-1961<\/strong><br \/>\n<\/u>Direcci\u00f3n: Almirante Brown 1560 \u2013Ramos Mej\u00eda<br \/>\nTel\u00e9fono: 4653-6689 \/ 11 5701 4873<\/p>\n<p>Mail: <a href=\"mailto:montecarmeloramos@gmail.com\">montecarmeloramos@gmail.com<\/a><\/p>\n<p>Secretar\u00eda Parroquial: Mi\u00e9rcoles a s\u00e1bado 17 a 19hs<br \/>\nP\u00e1rroco: Pbro. Cirilo Romero<\/p>\n<p><iframe loading=\"lazy\" style=\"border: 0;\" src=\"https:\/\/www.google.com\/maps\/embed?pb=!1m18!1m12!1m3!1d1641.0513625203494!2d-58.54523987907305!3d-34.652108568555015!2m3!1f0!2f0!3f0!3m2!1i1024!2i768!4f13.1!3m3!1m2!1s0x95bcc870493e3889%3A0xab5bede3679ad228!2sAlmte.+Brown+1560%2C+B1704ALJ+Ramos+Mej%C3%ADa%2C+Buenos+Aires!5e0!3m2!1ses!2sar!4v1552932333538\" width=\"600\" height=\"450\" frameborder=\"0\" allowfullscreen=\"allowfullscreen\"><\/iframe><\/p>\n<p><u><strong>Parroquia Sant\u00edsimo Redentor\u00a0<\/strong><br \/>\n<\/u>Direcci\u00f3n: Avellaneda 850 \u2013 Ramos Mej\u00eda<br \/>\nTel\u00e9fono: 4656-7982 &#8211; WhatsApp : 11 6250 3440<\/p>\n<p>Secretar\u00eda Parroquial: <a href=\"mailto:pquia.santisimoredentor.rm@gmail.com\">pquia.santisimoredentor.rm@gmail.com<\/a><\/p>\n<p>Martes 17hs a 19hs \u2013 jueves 10.30hs a 12hs &#8211; s\u00e1bados de 17.30hs a 19hs<\/p>\n<p>P\u00e1rroco: Pbro. Claudio Pulli<\/p>\n<p>Mail: <a href=\"mailto:pquia.santisimoredentor.rm@gmail.com\">pquia.santisimoredentor.rm@gmail.com<\/a><\/p>\n<p><iframe loading=\"lazy\" style=\"border: 0;\" src=\"https:\/\/www.google.com\/maps\/embed?pb=!1m18!1m12!1m3!1d3282.2279876254843!2d-58.56926548476918!3d-34.648944780447735!2m3!1f0!2f0!3f0!3m2!1i1024!2i768!4f13.1!3m3!1m2!1s0x95bcc7e86905cec5%3A0x48668da5fbd027cd!2sAvellaneda+850%2C+Ramos+Mej%C3%ADa%2C+Buenos+Aires!5e0!3m2!1ses!2sar!4v1552932365821\" width=\"600\" height=\"450\" frameborder=\"0\" allowfullscreen=\"allowfullscreen\"><\/iframe><\/p>\n<p><u><strong>Parroquia Mar\u00eda Reina &#8211; EC 12-12-1980<\/strong><br \/>\n<\/u>Direcci\u00f3n: Argentina 970 \u2013Ramos Mej\u00eda<br \/>\nTel\u00e9fono: 11-4443-5660<\/p>\n<p>Secretar\u00eda Parroquial: Martes, jueves y s\u00e1bados de 16.00hs a 18.30h &#8211; Domingos de 9hs a 12hs<\/p>\n<p><strong>\u00a0<\/strong>Administrador Parroquial: Pbro. Flavio Duarte<\/p>\n<p><iframe loading=\"lazy\" style=\"border: 0;\" src=\"https:\/\/www.google.com\/maps\/embed?pb=!1m18!1m12!1m3!1d3281.9549956940123!2d-58.574511684769014!3d-34.65583948044604!2m3!1f0!2f0!3f0!3m2!1i1024!2i768!4f13.1!3m3!1m2!1s0x95bcc7c142985489%3A0x3d4805f8e5c4cef!2sArgentina+970%2C+B1704DIN+Ramos+Mej%C3%ADa%2C+Buenos+Aires!5e0!3m2!1ses!2sar!4v1552932399185\" width=\"600\" height=\"450\" frameborder=\"0\" allowfullscreen=\"allowfullscreen\"><\/iframe><\/p>\n<p><strong>Capilla Mar\u00eda Auxiliadora<\/strong><br \/>\nDirecci\u00f3n: Buchardo 2060 \u2013 Villa Luzuriaga<\/p>\n<p><iframe loading=\"lazy\" style=\"border: 0;\" src=\"https:\/\/www.google.com\/maps\/embed?pb=!1m18!1m12!1m3!1d3819.341492599368!2d-58.58706471462606!3d-34.65477361814633!2m3!1f0!2f0!3f0!3m2!1i1024!2i768!4f13.1!3m3!1m2!1s0x95bcc7964577ae1b%3A0x694808fb131ece11!2sBuchardo+2060%2C+B1753HGH+Villa+Luzuriaga%2C+Buenos+Aires!5e0!3m2!1ses!2sar!4v1552932454956\" width=\"600\" height=\"450\" frameborder=\"0\" allowfullscreen=\"allowfullscreen\"><\/iframe><\/p>\n<p><u><strong>Parroquia San Pablo &#8211; EC 1997<\/strong><br \/>\n<\/u>Espora 1247 &#8211; Ramos Mej\u00eda<br \/>\nTel\u00e9fono: 4443-4203<br \/>\nP\u00e1rroco : Pbro. Walter Posca<\/p>\n<p><iframe loading=\"lazy\" style=\"border: 0;\" src=\"https:\/\/www.google.com\/maps\/embed?pb=!1m18!1m12!1m3!1d1111.2714072406195!2d-58.580941344967556!3d-34.64689336127593!2m3!1f0!2f0!3f0!3m2!1i1024!2i768!4f13.1!3m3!1m2!1s0x95bcc792545a7b2f%3A0x62defc6b77b2f530!2sEspora+1247%2C+B1704FAY+Ramos+Mej%C3%ADa%2C+Buenos+Aires!5e0!3m2!1ses!2sar!4v1552932494100\" width=\"600\" height=\"450\" frameborder=\"0\" allowfullscreen=\"allowfullscreen\"><\/iframe><\/p>\n<hr \/>\n<p><strong>Parroquia Madre de Dios &#8211; EC 25-12-1961<\/strong><br \/>\nDirecci\u00f3n: Bulnes 150 \u2013 Ramos Mej\u00eda<br \/>\nTel\u00e9fono: 4658-2613 \/ 4460-2071<br \/>\nP\u00e1rroco: Pbro. Pablo Caruso<br \/>\nSecretar\u00eda Parroquial: de lunes, mi\u00e9rcoles, jueves y viernes de 16.30 a 19.30hs<\/p>\n<p><u><strong>Parroquia Nuestra Se\u00f1ora de F\u00e1tima y de los Santos Pastores Francisco y Jacinta &#8211; EC 24-1-1958<\/strong><\/u><br \/>\nDirecci\u00f3n: Rep\u00fablica de Portugal<span class=\"Apple-converted-space\">\u00a0 <\/span>2739 \u2013 Isidro Casanova<br \/>\nTel\u00e9fono: 4625-0558<\/p>\n<p>Secretar\u00eda Parroquial:\u00a0Martes a viernes de 17 a 19hs<\/p>\n<p>P\u00e1rroco: Pbro. Juan Antonio Morre<u>\u00a0<\/u><\/p>\n<p><iframe loading=\"lazy\" style=\"border: 0;\" src=\"https:\/\/www.google.com\/maps\/embed?pb=!1m14!1m8!1m3!1d2157.885504002691!2d-58.58827319489954!3d-34.700071790867156!3m2!1i1024!2i768!4f13.1!3m3!1m2!1s0x0%3A0x5c7e4c3e83ce8eb8!2sPARROQUIA+NUESTRA+SE%C3%91ORA+DE+F%C3%81TIMA!5e0!3m2!1ses!2sar!4v1552933088693\" width=\"600\" height=\"450\" frameborder=\"0\" allowfullscreen=\"allowfullscreen\"><\/iframe><\/p>\n<p><u><strong>Parroquia Sagrado Coraz\u00f3n de Jes\u00fas \u2013 Villa Celina &#8211; EC 19-3-1959<\/strong><br \/>\n<\/u><\/p>\n<p>Perteneciente a los Sacerdotes del Sagrado Coraz\u00f3n (Religiosos Dehonianos)<\/p>\n<p>Direcci\u00f3n: Olavarr\u00eda 2323 -Villa Celina<br \/>\nTel\u00e9fono: 4622-5968<\/p>\n<p>Secretar\u00eda Parroquial: Mi\u00e9rcoles, jueves y viernes 16hs a 18hs<\/p>\n<p>Mail:\u00a0<a href=\"mailto:sagradocorazon.celina@gmail.com\">sagradocorazon.celina@gmail.com<\/a><\/p>\n<p>Administrador Parroquial : Pbro. Ra\u00fal An\u00edbal Cuevas<br \/>\nVicario: RP. Arildo Jos\u00e9 Ferrari scj<\/p>\n<p><iframe loading=\"lazy\" style=\"border: 0;\" src=\"https:\/\/www.google.com\/maps\/embed?pb=!1m18!1m12!1m3!1d3280.325274219307!2d-58.491913584767886!3d-34.696974880435434!2m3!1f0!2f0!3f0!3m2!1i1024!2i768!4f13.1!3m3!1m2!1s0x95bccec88c818ea1%3A0x7f47b01030c6354d!2sOlavarr%C3%ADa+2323%2C+B1768AWC+Villa+Madero%2C+Buenos+Aires!5e0!3m2!1ses!2sar!4v1552933125379\" width=\"600\" height=\"450\" frameborder=\"0\" allowfullscreen=\"allowfullscreen\"><\/iframe><\/p>\n<p><strong>Capilla Santa Teresita<\/strong><br \/>\nDirecci\u00f3n: Timoteo Gonz\u00e1lez 2356 \u2013 Villa Celina<\/p>\n<p><iframe loading=\"lazy\" style=\"border: 0;\" src=\"https:\/\/www.google.com\/maps\/embed?pb=!1m18!1m12!1m3!1d3280.48769861491!2d-58.48663758476789!3d-34.692877080436475!2m3!1f0!2f0!3f0!3m2!1i1024!2i768!4f13.1!3m3!1m2!1s0x95bcceb614d7c3eb%3A0xf1df4c7f4d065b5c!2sAntonio+Timoteo+Gonz%C3%A1lez+2356%2C+Villa+Madero%2C+Buenos+Aires!5e0!3m2!1ses!2sar!4v1552933155556\" width=\"600\" height=\"450\" frameborder=\"0\" allowfullscreen=\"allowfullscreen\"><\/iframe><\/p>\n<p><strong>Capilla San Mart\u00edn de Porres<\/strong><br \/>\nDirecci\u00f3n: Rossevelt 1512 \u2013 Barrio Gral. Paz<\/p>\n<p><iframe loading=\"lazy\" style=\"border: 0;\" src=\"https:\/\/www.google.com\/maps\/embed?pb=!1m18!1m12!1m3!1d2286.289151258584!2d-58.47876839814536!3d-34.696842343095085!2m3!1f0!2f0!3f0!3m2!1i1024!2i768!4f13.1!3m3!1m2!1s0x95bcceba486b9613%3A0x1a66f656d740a364!2sCapilla+San+Mart%C3%ADn+de+Porres+SCJ!5e0!3m2!1ses!2sar!4v1552933261066\" width=\"600\" height=\"450\" frameborder=\"0\" allowfullscreen=\"allowfullscreen\"><\/iframe><\/p>\n<p><strong>Capilla Mar\u00eda Madre de la Iglesia<\/strong><br \/>\nDirecci\u00f3n: Barrio las Achiras<\/p>\n<p><iframe loading=\"lazy\" style=\"border: 0;\" src=\"https:\/\/www.google.com\/maps\/embed?pb=!1m14!1m8!1m3!1d1547.91480529184!2d-58.48904796684641!3d-34.70727238677261!3m2!1i1024!2i768!4f13.1!3m3!1m2!1s0x95bccec0300599ad%3A0x68e087a7251fa4f4!2sCapilla+Mar%C3%ADa+Madre+De+La+Iglesia+Scj!5e0!3m2!1ses!2sar!4v1552933311918\" width=\"600\" height=\"450\" frameborder=\"0\" allowfullscreen=\"allowfullscreen\"><\/iframe><\/p>\n<p><strong>Capilla Nuestra Se\u00f1ora de Luj\u00e1n<\/strong><br \/>\nDirecci\u00f3n: Barrio 17 de noviembre<\/p>\n<p><iframe loading=\"lazy\" style=\"border: 0;\" src=\"https:\/\/www.google.com\/maps\/embed?pb=!1m14!1m8!1m3!1d2660.264950170825!2d-58.48946908996931!3d-34.70762224614033!3m2!1i1024!2i768!4f13.1!3m3!1m2!1s0x95bcce95410c1157%3A0x8b83c5a75f7670b2!2sNtra.+Sra.+de+Luj%C3%A1n!5e0!3m2!1ses!2sar!4v1552933534155\" width=\"600\" height=\"450\" frameborder=\"0\" allowfullscreen=\"allowfullscreen\"><\/iframe><\/p>\n<p><strong>Capilla San Jos\u00e9 Obrero<\/strong><br \/>\nDirecci\u00f3n: Barrio Juan Manuel de Rosas (ex Urquiza)<\/p>\n<p><iframe loading=\"lazy\" style=\"border: 0;\" src=\"https:\/\/www.google.com\/maps\/embed?pb=!1m18!1m12!1m3!1d3249.008782895757!2d-58.690313456680244!3d-34.89259080669151!2m3!1f0!2f0!3f0!3m2!1i1024!2i768!4f13.1!3m3!1m2!1s0x95bcdc326ef75605%3A0x5cb8ef79c7e58dff!2sParroquia+San+Jos%C3%A9+Obrero!5e0!3m2!1ses!2sar!4v1552933634783\" width=\"600\" height=\"450\" frameborder=\"0\" allowfullscreen=\"allowfullscreen\"><\/iframe><\/p>\n<p><u><strong>Parroquia Nuestra Se\u00f1ora de las Gracias &#8211; EC 24-1-1958<\/strong><br \/>\n<\/u>Direcci\u00f3n: Alico y Lino Lagos \u2013 Aldo Bonzi<br \/>\nTel\u00e9fono: 4442-3495<br \/>\nAdministrador Parroquial : Pbro. Roberto Scardamaglia<\/p>\n<p><iframe loading=\"lazy\" style=\"border: 0;\" src=\"https:\/\/www.google.com\/maps\/embed?pb=!1m18!1m12!1m3!1d1143.0053913574543!2d-58.51607683200007!3d-34.70691699343237!2m3!1f0!2f0!3f0!3m2!1i1024!2i768!4f13.1!3m3!1m2!1s0x95bccf25c068b7af%3A0xed4f7aa2241ed092!2sJos%C3%A9+Alico+%26+Lino+Lagos%2C+B1785+Aldo+Bonzi%2C+Buenos+Aires!5e0!3m2!1ses!2sar!4v1552933662513\" width=\"600\" height=\"450\" frameborder=\"0\" allowfullscreen=\"allowfullscreen\"><\/iframe><\/p>\n<p><u><strong>Parroquia Ntra. Sra. de Luj\u00e1n y San Luis Gonzaga &#8211; EC 23-12-1949<\/strong><br \/>\n<\/u><\/p>\n<p>Perteneciente a la Congregaci\u00f3n de los Siervos de la Caridad (Guanelianos)<\/p>\n<p>Direcci\u00f3n: Tuyuti 1335\/55\u00a0 \u2013 Tapiales<br \/>\nTel\u00e9fono: 4442-6996 &#8211; Secretar\u00eda Parroquial: lunes a viernes desde las 16 hasta las 18.30hs<br \/>\nP\u00e1rroco: RP. Francisco Bernardone dos Santos Costa sdc<\/p>\n<p>Vicario Parroquial: R.P. Adriel Wilson da Silva, sdc<\/p>\n<p><iframe loading=\"lazy\" style=\"border: 0;\" src=\"https:\/\/www.google.com\/maps\/embed?pb=!1m18!1m12!1m3!1d1419.5865042505231!2d-58.509046478168784!3d-34.698971023115135!2m3!1f0!2f0!3f0!3m2!1i1024!2i768!4f13.1!3m3!1m2!1s0x95bccf29ff9304f3%3A0x56ee47d8a89f1c0c!2sTuyut%C3%AD+1335%2C+B1770AWI+Tapiales%2C+Buenos+Aires!5e0!3m2!1ses!2sar!4v1552933703710\" width=\"600\" height=\"450\" frameborder=\"0\" allowfullscreen=\"allowfullscreen\"><\/iframe><\/p>\n<p><u><strong>Parroquia Nuestra Se\u00f1ora de la Guardia &#8211; EC 8-9-1963<\/strong><br \/>\n<\/u>Direcci\u00f3n: Avelino D\u00edaz 1020 \u2013 Villa Celina (Barrio Sarmiento)<br \/>\nTel\u00e9fono: 4442-5820 &#8211; Secretar\u00eda Parroquial: Lunes, martes, jueves o viernes de 17 a 19 hs.<\/p>\n<p>P\u00e1rroco: Pbro. Mauricio Cardea<\/p>\n<p><iframe loading=\"lazy\" style=\"border: 0;\" src=\"https:\/\/www.google.com\/maps\/embed?pb=!1m14!1m8!1m3!1d13120.126353020529!2d-58.4782746!3d-34.7043832!3m2!1i1024!2i768!4f13.1!3m3!1m2!1s0x0%3A0x76ffb501c342d707!2sParroquia+Nuestra+Se%C3%B1ora+de+la+Guardia!5e0!3m2!1ses!2sar!4v1552933781025\" width=\"600\" height=\"450\" frameborder=\"0\" allowfullscreen=\"allowfullscreen\"><\/iframe><\/p>\n<p><strong><u>Capilla\u00a0 Virgen de Guadalupe<br \/>\n<\/u><\/strong>Direcci\u00f3n: Ramos Mej\u00eda 189 esq. Rafael Castillo-Barrio Vicente L\u00f3pez (Villa Celina)<\/p>\n<p><iframe loading=\"lazy\" style=\"border: 0;\" src=\"https:\/\/www.google.com\/maps\/embed?pb=!1m18!1m12!1m3!1d1330.2053684783834!2d-58.472614080158756!3d-34.70308868349092!2m3!1f0!2f0!3f0!3m2!1i1024!2i768!4f13.1!3m3!1m2!1s0x95bccf5bb199de6f%3A0xc9cb856fa34f3afc!2sCapilla%20Nuestra%20Se%C3%B1ora%20de%20Guadalupe!5e0!3m2!1ses!2sar!4v1571399064106!5m2!1ses!2sar\" width=\"600\" height=\"450\" frameborder=\"0\" allowfullscreen=\"allowfullscreen\"><\/iframe><\/p>\n<p><strong>Capilla Medalla Milagrosa<\/strong><br \/>\nDirecci\u00f3n: Paso de los Andes 550 \u2013 Barrio Jos\u00e9 Hern\u00e1ndez (Villa Celina)<\/p>\n<p><iframe loading=\"lazy\" style=\"border: 0;\" src=\"https:\/\/www.google.com\/maps\/embed?pb=!1m18!1m12!1m3!1d4571.349148043683!2d-58.489272863444235!3d-34.71907132360607!2m3!1f0!2f0!3f0!3m2!1i1024!2i768!4f13.1!3m3!1m2!1s0x95bccef292f3373d%3A0x8416e32b765a10b5!2sPaso+de+los+Andes+550%2C+B1774APF+Tapiales%2C+Buenos+Aires!5e0!3m2!1ses!2sar!4v1552933883434\" width=\"600\" height=\"450\" frameborder=\"0\" allowfullscreen=\"allowfullscreen\"><\/iframe><\/p>\n<p><u><strong>Parroquia San Jos\u00e9 Obrero &#8211; EC 24-1-1958<\/strong><\/u><\/p>\n<p><u>Perteneciente a la Congregaci\u00f3n de los Siervos de la Caridad (Guanelianos)<\/u><\/p>\n<p>Direcci\u00f3n: Gral. Paunero y Cnel. Dom\u00ednguez &#8211; Villa Madero<br \/>\nTel\u00e9fono:6070-6626 &#8211; Secretar\u00eda Parroquial :\u00a0lunes a viernes de 15 a 17,30 horas.<\/p>\n<p>P\u00e1rroco: R.P. Francisco Bernardone dos Santos Costa SdC<\/p>\n<p>Mail:\u00a0<a href=\"mailto:secretariaparroquiasanjose@gmail.com\">secretariaparroquiasanjose@gmail.com<\/a><\/p>\n<p>Vicario: R.P.Adriel Wilson da Silva SdC<\/p>\n<p><iframe loading=\"lazy\" style=\"border: 0;\" src=\"https:\/\/www.google.com\/maps\/embed?pb=!1m18!1m12!1m3!1d505.62506621163413!2d-58.500368161377494!3d-34.68448270593791!2m3!1f0!2f0!3f0!3m2!1i1024!2i768!4f13.1!3m3!1m2!1s0x95bcc92ef0d4d3c9%3A0xbaa42badaff21773!2sGral.+Paunero+%26+Cnel.+Dom%C3%ADnguez%2C+Villa+Madero%2C+Buenos+Aires!5e0!3m2!1ses!2sar!4v1552933918528\" width=\"600\" height=\"450\" frameborder=\"0\" allowfullscreen=\"allowfullscreen\"><\/iframe><\/p>\n<p><strong>Capilla Santa Teresita<\/strong><br \/>\nDirecci\u00f3n: Jun\u00edn 169 esq. Cuzco<\/p>\n<p><strong>Capilla Buen Viaje<\/strong><br \/>\nDirecci\u00f3n: La Bajada y \u00c1lvarez<\/p>\n<p><iframe loading=\"lazy\" style=\"border: 0;\" src=\"https:\/\/www.google.com\/maps\/embed?pb=!1m18!1m12!1m3!1d1102.7814016960615!2d-58.495116496099996!3d-34.68408726638181!2m3!1f0!2f0!3f0!3m2!1i1024!2i768!4f13.1!3m3!1m2!1s0x95bcc93178644007%3A0x31500281259d7625!2sLa+Bajada+%26+Benito+%C3%81lvarez%2C+Villa+Madero%2C+Buenos+Aires!5e0!3m2!1ses!2sar!4v1552934061801\" width=\"600\" height=\"450\" frameborder=\"0\" allowfullscreen=\"allowfullscreen\"><\/iframe><\/p>\n<p><strong>Capilla Santa Ana<\/strong><br \/>\nDirecci\u00f3n: Olavarr\u00eda y Agrelo<\/p>\n<p><iframe loading=\"lazy\" style=\"border: 0;\" src=\"https:\/\/www.google.com\/maps\/embed?pb=!1m18!1m12!1m3!1d285.82615987759567!2d-58.50721167882915!3d-34.68526345008133!2m3!1f0!2f0!3f0!3m2!1i1024!2i768!4f13.1!3m3!1m2!1s0x95bcc928484011b5%3A0x7d8c80f94f125f55!2sAgrelo+%26+Olavarr%C3%ADa%2C+B1768+Villa+Madero%2C+Buenos+Aires!5e0!3m2!1ses!2sar!4v1552934103325\" width=\"600\" height=\"450\" frameborder=\"0\" allowfullscreen=\"allowfullscreen\"><\/iframe><\/p>\n<p><u><strong>Parroquia San Carlos Borromeo e Inmaculada Concepci\u00f3n &#8211; EC 16-7-1964<\/strong><br \/>\n<\/u>Direcci\u00f3n: Evita 630 \u2013 Ciudad Madero<br \/>\nTel\u00e9fono: 4622-7165<br \/>\nP\u00e1rroco: Pbro. Ra\u00fal Cuevas<\/p>\n<p>Secretar\u00eda Parroquial: Lunes, mi\u00e9rcoles y viernes desde las 18hs a 19hs<\/p>\n<p><iframe loading=\"lazy\" style=\"border: 0;\" src=\"https:\/\/www.google.com\/maps\/embed?pb=!1m18!1m12!1m3!1d539.51841901731!2d-58.4989701414918!3d-34.69285556568378!2m3!1f0!2f0!3f0!3m2!1i1024!2i768!4f13.1!3m3!1m2!1s0x95bcced2929e172b%3A0x1ca2924df0c4937d!2sParroquia+San+Carlos+Borromeo!5e0!3m2!1ses!2sar!4v1552934141184\" width=\"600\" height=\"450\" frameborder=\"0\" allowfullscreen=\"allowfullscreen\"><\/iframe><\/p>\n<p><u><strong>Parroquia Asunci\u00f3n de la Sant\u00edsima Virgen &#8211; EC 19-3-1982<\/strong><br \/>\n<\/u><\/p>\n<p>Unidad Pastoral junto a la Parroquia Nuestra Se\u00f1ora de Lourdes<\/p>\n<p>Direcci\u00f3n: Sarand\u00ed 5248 \u2013 La Tablada<br \/>\nTel\u00e9fono: 4699-8079<br \/>\nAdministrador Parroquial: Pbro. Enrique Parasco<\/p>\n<p><iframe loading=\"lazy\" style=\"border: 0;\" src=\"https:\/\/www.google.com\/maps\/embed?pb=!1m18!1m12!1m3!1d1640.1833060532003!2d-58.54129764216241!3d-34.69593200833319!2m3!1f0!2f0!3f0!3m2!1i1024!2i768!4f13.1!3m3!1m2!1s0x95bcc8b1b32abd67%3A0xa035ce5f374aee65!2sParroquia+Asunci%C3%B3n+de+la+Sant%C3%ADsima+Virgen!5e0!3m2!1ses!2sar!4v1552934173847\" width=\"600\" height=\"450\" frameborder=\"0\" allowfullscreen=\"allowfullscreen\"><\/iframe><\/p>\n<p><u><strong>Parroquia Nuestra Se\u00f1ora de la Monta\u00f1a &#8211;\u00a0<\/strong><br \/>\n<\/u>Direcci\u00f3n: Necochea 4758 \u2013 La Tablada<br \/>\nTel\u00e9fono: 4454-2015 (en reparaci\u00f3n)<br \/>\n<strong>Mail:\u00a0<\/strong><\/p>\n<p>Secretar\u00eda Parroquial: Martes a viernes de 17hs a 19hs<\/p>\n<p>P\u00e1rroco: Pbro. Ram\u00f3n Gavil\u00e1n Villalba<\/p>\n<p><iframe loading=\"lazy\" style=\"border: 0;\" src=\"https:\/\/www.google.com\/maps\/embed?pb=!1m18!1m12!1m3!1d927.3387752830696!2d-58.527160390633455!3d-34.68285429009114!2m3!1f0!2f0!3f0!3m2!1i1024!2i768!4f13.1!3m3!1m2!1s0x95bcc8c1424d437b%3A0xe54fadeef93af227!2sParroquia+Nuestra+Se%C3%B1ora+de+la+Monta%C3%B1a!5e0!3m2!1ses!2sar!4v1552934229246\" width=\"600\" height=\"450\" frameborder=\"0\" allowfullscreen=\"allowfullscreen\"><\/iframe><\/p>\n<p><strong>Capilla Nstra. Se\u00f1ora Del Valle:<\/strong><br \/>\nDirecci\u00f3n: Montenegro y Tuyut\u00ed \u2013 La Tablada<\/p>\n<p>Tel\u00e9fono: 11 6186-8371 &#8211; Secretar\u00eda: mi\u00e9rcoles y jueves de 17hs a 19hs<\/p>\n<p><iframe loading=\"lazy\" style=\"border: 0;\" src=\"https:\/\/www.google.com\/maps\/embed?pb=!1m18!1m12!1m3!1d3280.4747438854956!2d-58.51808213476799!3d-34.69320393043641!2m3!1f0!2f0!3f0!3m2!1i1024!2i768!4f13.1!3m3!1m2!1s0x0%3A0xec93fd349281a857!2sCapilla+Nuestra+Se%C3%B1ora+Del+Valle!5e0!3m2!1ses!2sar!4v1552934291917\" width=\"600\" height=\"450\" frameborder=\"0\" allowfullscreen=\"allowfullscreen\"><\/iframe><\/p>\n<p><strong>Capilla Nuestra Se\u00f1ora de Caacup\u00e9:<\/strong><br \/>\nDirecci\u00f3n: Cuzco y Agu\u00ebro \u2013 La Tablada<\/p>\n<p><iframe loading=\"lazy\" style=\"border: 0;\" src=\"https:\/\/www.google.com\/maps\/embed?pb=!1m18!1m12!1m3!1d1430.0740066762016!2d-58.51561722586235!3d-34.68736354993925!2m3!1f0!2f0!3f0!3m2!1i1024!2i768!4f13.1!3m3!1m2!1s0x95bcc8d0c4ce0c43%3A0x675c49d4237316ae!2sCuzco+%26+Ag%C3%BCero%2C+La+Tablada%2C+Buenos+Aires!5e0!3m2!1ses!2sar!4v1552934344255\" width=\"600\" height=\"450\" frameborder=\"0\" allowfullscreen=\"allowfullscreen\"><\/iframe><\/p>\n<p><u><strong>Parroquia Sant\u00edsimo Nombre de Mar\u00eda &#8211; EC diciembre 1949<\/strong><br \/>\n<\/u>Direcci\u00f3n: Provincias Unidas 560 \u2013 Lomas del Mirador<br \/>\nTel\u00e9fono: 4453- 8225 \u2013 \u00a0whatsapp 11 2465 1759<\/p>\n<p>Secretar\u00eda Parroquial: Mi\u00e9rcoles y viernes de 16.30 a 18.30hs<br \/>\nAdministrador Parroquial: Pbro. Gustavo Ortiz<\/p>\n<p><iframe loading=\"lazy\" style=\"border: 0;\" src=\"https:\/\/www.google.com\/maps\/embed?pb=!1m18!1m12!1m3!1d730.8892921567697!2d-58.52609499915509!3d-34.665267881476815!2m3!1f0!2f0!3f0!3m2!1i1024!2i768!4f13.1!3m3!1m2!1s0x95bcc8f1611b28c1%3A0x5de51917fce4ea8b!2sAv.+Brig.+Gral.+Juan+Manuel+de+Rosas+560%2C+Lomas+del+Mirador%2C+Buenos+Aires!5e0!3m2!1ses!2sar!4v1552934454024\" width=\"600\" height=\"450\" frameborder=\"0\" allowfullscreen=\"allowfullscreen\"><\/iframe><\/p>\n<p><u><strong>Parroquia San Pantale\u00f3n y San Teodosio &#8211; EC 3-1-1967<\/strong><br \/>\n<\/u>Direcci\u00f3n: Catriel 3941 \u2013 La Tablada<br \/>\nTel\u00e9fono: 4482-0075 &#8211;<\/p>\n<p>WhatsApp : 11 33 05 47 56 (s\u00f3lo mensaje)<\/p>\n<p>Secretar\u00eda Parroquial: Lunes a s\u00e1bados desde las 17hs hasta las 19 hs<\/p>\n<p>P\u00e1rroco: Pbro. Marco Mikalonis<\/p>\n<p><iframe loading=\"lazy\" style=\"border: 0;\" src=\"https:\/\/www.google.com\/maps\/embed?pb=!1m18!1m12!1m3!1d1176.9026544844237!2d-58.53616768117065!3d-34.67845204015686!2m3!1f0!2f0!3f0!3m2!1i1024!2i768!4f13.1!3m3!1m2!1s0x95bcc89449ce2225%3A0xbd68c0221a43039b!2sParroquia+San+Pantaleon+-+San+Teodosio!5e0!3m2!1ses!2sar!4v1552934483934\" width=\"600\" height=\"450\" frameborder=\"0\" allowfullscreen=\"allowfullscreen\"><\/iframe><\/p>\n<p><u><strong>Parroquia San Roque \u2013 Villa Insuperable &#8211; EC 24-1-1958<\/strong><br \/>\n<\/u>Direcci\u00f3n: Larrea 4780 \u2013Villa Insuperable<br \/>\nTel\u00e9fono: 4453-3052<\/p>\n<p>P\u00e1rroco: Pbro. Sergio Gianfranchi<\/p>\n<p><iframe loading=\"lazy\" style=\"border: 0;\" src=\"https:\/\/www.google.com\/maps\/embed?pb=!1m18!1m12!1m3!1d477.29267049323295!2d-58.51345485163857!3d-34.67647878071943!2m3!1f0!2f0!3f0!3m2!1i1024!2i768!4f13.1!3m3!1m2!1s0x95bcc8de6bab7ef3%3A0xb6145e412a7e1d5f!2sParroquia+San+Roque!5e0!3m2!1ses!2sar!4v1552934531221\" width=\"600\" height=\"450\" frameborder=\"0\" allowfullscreen=\"allowfullscreen\"><\/iframe><\/p>\n<p><strong>Capilla San Jorge:<\/strong><br \/>\nDirecci\u00f3n: Almirante Brown y O\u2019Gorman<\/p>\n<p><iframe loading=\"lazy\" style=\"border: 0;\" src=\"https:\/\/www.google.com\/maps\/embed?pb=!1m18!1m12!1m3!1d1923.0370805841392!2d-58.5215917353155!3d-34.675103496219734!2m3!1f0!2f0!3f0!3m2!1i1024!2i768!4f13.1!3m3!1m2!1s0x95bcc8e88a1a2959%3A0x4b8bcd36c50342de!2sAlmirante+Brown+%26+O'Gorman%2C+B1751+La+Tablada%2C+Buenos+Aires!5e0!3m2!1ses!2sar!4v1552934575935\" width=\"600\" height=\"450\" frameborder=\"0\" allowfullscreen=\"allowfullscreen\"><\/iframe><\/p>\n<p><u><strong>Parroquia Santa Rosa de Lima &#8211; EC 24-1-1958<\/strong><br \/>\n<\/u>Direcci\u00f3n: Vieytes 40 \u2013 La Tablada<br \/>\nTel\u00e9fono: 4652-0940<br \/>\nAdministrador Parroquial : Pbro. Julio C\u00e9sar Ruiz<\/p>\n<p><strong>Capilla Nuestra Se\u00f1ora del Rosario de San Nicol\u00e1s:<\/strong><\/p>\n<p>Direcci\u00f3n: Nazar y Maciel \u2013 La Tablada<\/p>\n<p><iframe loading=\"lazy\" style=\"border: 0;\" src=\"https:\/\/www.google.com\/maps\/embed?pb=!1m18!1m12!1m3!1d205.03274464840464!2d-58.52746326525986!3d-34.691963336447046!2m3!1f0!2f0!3f0!3m2!1i1024!2i768!4f13.1!3m3!1m2!1s0x95bcc8c91edfaed1%3A0x6b63fbf5c4f1e189!2sSanta+Rosa+de+Lima!5e0!3m2!1ses!2sar!4v1552934617607\" width=\"600\" height=\"450\" frameborder=\"0\" allowfullscreen=\"allowfullscreen\"><\/iframe><\/p>\n<p><u><strong>Parroquia Sagrado Coraz\u00f3n de Jes\u00fas \u2013 Ciudad Evita\u00a0<\/strong><br \/>\n<\/u>Direcci\u00f3n: Circ. 5\u00ba Secci\u00f3n 3\u00ba &#8211; Ciudad Evita<\/p>\n<p>Parroquia a cargo de la Unidad Pastoral de los Misioneros de los Sagrados Corazones :<\/p>\n<p>P\u00e1rrocos: RP. Daniel Echeverr\u00eda,m.ss.cc., RP. Anaclet Mbuguje, m.ss.cc. y RP. Edouard Twizeiymana, m.ss.cc.<\/p>\n<p>Vicario Parroquial : R.P. Duruihezie Callistus Chimezie, m.ss.cc.<\/p>\n<p><iframe loading=\"lazy\" style=\"border: 0;\" src=\"https:\/\/www.google.com\/maps\/embed?pb=!1m18!1m12!1m3!1d3163.489603250165!2d-58.545549254769774!3d-34.710662430019276!2m3!1f0!2f0!3f0!3m2!1i1024!2i768!4f13.1!3m3!1m2!1s0x95bccf4e08f75e6d%3A0xc1d78e4d43b7e7e5!2sParroquia+Sagrado+Coraz%C3%B3n+De+Jes%C3%BAs!5e0!3m2!1ses!2sar!4v1552934673957\" width=\"600\" height=\"450\" frameborder=\"0\" allowfullscreen=\"allowfullscreen\"><\/iframe><\/p>\n<p><u><strong>Parroquia Nuestra Se\u00f1ora de la Salud\u00a0<\/strong><br \/>\n<\/u>Direcci\u00f3n: Pujol 3550, esquina Quito \u2013 Isidro Casanova<br \/>\nTel\u00e9fono: 3987 5813<\/p>\n<p>Secretar\u00eda Parroquial: D\u00edas martes y viernes de 16 a 19hs<\/p>\n<p>P\u00e1rroco: Pbro. Norberto Figliuolo<\/p>\n<p><iframe loading=\"lazy\" style=\"border: 0;\" src=\"https:\/\/www.google.com\/maps\/embed?pb=!1m18!1m12!1m3!1d954.2995623298709!2d-58.578403741633196!3d-34.7012647129024!2m3!1f0!2f0!3f0!3m2!1i1024!2i768!4f13.1!3m3!1m2!1s0x95bcc66d27bb32dd%3A0xe53f44c04f57afe8!2sPARROQUIA+NUESTRA+SE%C3%91ORA+DE+LA+SALUD!5e0!3m2!1ses!2sar!4v1552934708250\" width=\"600\" height=\"450\" frameborder=\"0\" allowfullscreen=\"allowfullscreen\"><\/iframe><\/p>\n<p><u><strong>Parroquia Nuestra Se\u00f1ora de Itat\u00ed &#8211; EC 19-3-1982<\/strong><br \/>\n<\/u>Centenera y Pedriel &#8211; San Justo<br \/>\nTel\u00e9fono: 11 6138 6075 &#8211; Secretar\u00eda Parroquial: Mi\u00e9rcoles y Viernes de 18 a 20 hs<br \/>\nAdministrador Parroquial: Pbro. Santiago Rostom Maderna<\/p>\n<p><iframe loading=\"lazy\" style=\"border: 0;\" src=\"https:\/\/www.google.com\/maps\/embed?pb=!1m18!1m12!1m3!1d1640.0530108803323!2d-58.558917249545814!3d-34.702505722593784!2m3!1f0!2f0!3f0!3m2!1i1024!2i768!4f13.1!3m3!1m2!1s0x95bcc603c5253819%3A0x8e0655719feda2f0!2sParroquia+Nuestra+Se%C3%B1ora+de+Itat%C3%AD!5e0!3m2!1ses!2sar!4v1552934744231\" width=\"600\" height=\"450\" frameborder=\"0\" allowfullscreen=\"allowfullscreen\"><\/iframe><\/p>\n<p><iframe loading=\"lazy\" style=\"border: 0;\" src=\"https:\/\/www.google.com\/maps\/embed?pb=!1m18!1m12!1m3!1d3186.9166497715137!2d-58.55172685359807!3d-34.697596937147665!2m3!1f0!2f0!3f0!3m2!1i1024!2i768!4f13.1!3m3!1m2!1s0x95bcc8a95cfc2525%3A0xc10e14ed7384dbb0!2sBarrio+Almafuerte%2C+B1754+San+Justo%2C+Buenos+Aires!5e0!3m2!1ses!2sar!4v1552934931257\" width=\"600\" height=\"450\" frameborder=\"0\" allowfullscreen=\"allowfullscreen\"><\/iframe><\/p>\n<p><u><strong>Parroquia San Roque Gonz\u00e1lez y compa\u00f1eros M\u00e1rtires &#8211; EC 9-3-1997<\/strong><br \/>\n<\/u>Direcci\u00f3n: Manzana 8 Casa 327\u00a0Barrio Almafuerte \u2013 San Justo<br \/>\nTel\u00e9fono: 4691-0359<\/p>\n<p>Secretar\u00eda Parroquial:\u00a0Martes y Viernes de 18 a 20 hs.<\/p>\n<p>Administrador Parroquial : Pbro. Santiago Rostom Maderna<\/p>\n<p><strong>Capilla Nuestra Se\u00f1ora de Caacup\u00e9<\/strong><br \/>\nDirecci\u00f3n:\u00a0 Salta y pasaje 1 (asentamiento) \u2013 Barrio Almafuerte<\/p>\n<p><iframe loading=\"lazy\" style=\"border: 0;\" src=\"https:\/\/www.google.com\/maps\/embed?pb=!1m18!1m12!1m3!1d3186.9166497715137!2d-58.55172685359807!3d-34.697596937147665!2m3!1f0!2f0!3f0!3m2!1i1024!2i768!4f13.1!3m3!1m2!1s0x95bcc8a95cfc2525%3A0xc10e14ed7384dbb0!2sBarrio+Almafuerte%2C+B1754+San+Justo%2C+Buenos+Aires!5e0!3m2!1ses!2sar!4v1552934931257\" width=\"600\" height=\"450\" frameborder=\"0\" allowfullscreen=\"allowfullscreen\"><\/iframe><\/p>\n<p><u><strong>Parroquia San Alberto Magno &#8211; EC 31-1-1967<\/strong><br \/>\n<\/u><\/p>\n<p>Unidad Pastoral junto a Nuestra Se\u00f1ora de la Salud<\/p>\n<p>Direcci\u00f3n: Espinosa 4233 \u2013 Isidro Casanova<br \/>\nTel\u00e9fono: 3530-2508<\/p>\n<p>Secretar\u00eda Parroquial: Lunes-mi\u00e9rcoles-viernes de 15.30 a 17.30hs<\/p>\n<p>Mail: <a href=\"mailto:sanalbertomagno@gmail.com\">sanalbertomagno@gmail.com<\/a><br \/>\nP\u00e1rroco: Pbro. Norberto Figliuolo<\/p>\n<p><iframe loading=\"lazy\" style=\"border: 0;\" src=\"https:\/\/www.google.com\/maps\/embed?pb=!1m18!1m12!1m3!1d2660.111927221502!2d-58.572955827397166!3d-34.71237002513538!2m3!1f0!2f0!3f0!3m2!1i1024!2i768!4f13.1!3m3!1m2!1s0x95bcc5e1e1ae6683%3A0x5c430d86ae84e733!2sParroquia+San+Alberto+Magno!5e0!3m2!1ses!2sar!4v1552935052194\" width=\"600\" height=\"450\" frameborder=\"0\" allowfullscreen=\"allowfullscreen\"><\/iframe><\/p>\n<p><u><strong>Parroquia San Antonio de Padua &#8211; EC 12-6-1974<\/strong><\/u><\/p>\n<p>Direcci\u00f3n: 25 de Mayo y Vemme \u2013 Ciudad Evita<br \/>\nTel\u00e9fono: 11 6465-3243<\/p>\n<p>Secretar\u00eda Parroquial: Martes y jueves de 17 a 19hs<\/p>\n<p>Parroquia a cargo de la Unidad Pastoral de los Misioneros de los Sagrados Corazones :<\/p>\n<p>P\u00e1rrocos: RP. Daniel Echeverr\u00eda,m.ss.cc., RP. Anaclet Mbuguje, m.ss.cc. y RP. Edouard Twizeiymana, m.ss.cc.<\/p>\n<p>Vicario Parroquial : R.P. Denis Evina, m.ss.cc.<\/p>\n<p>Vicario Parroquial : R.P. Duruihezie Callistus Chimezie, m.ss.cc.<\/p>\n<p>P\u00e1rroco: <iframe loading=\"lazy\" style=\"border: 0;\" src=\"https:\/\/www.google.com\/maps\/embed?pb=!1m14!1m8!1m3!1d8506.383633413781!2d-58.56219139754666!3d-34.71377574436497!3m2!1i1024!2i768!4f13.1!3m3!1m2!1s0x0%3A0x15ed7e420320ac6!2sParroquia+San+Antonio+De+Padua!5e0!3m2!1ses!2sar!4v1552935362930\" width=\"600\" height=\"450\" frameborder=\"0\" allowfullscreen=\"allowfullscreen\"><\/iframe><\/p>\n<p><strong>Capilla Inmaculada Concepci\u00f3n:<\/strong><br \/>\nDirecci\u00f3n: Presidente Per\u00f3n 1300<\/p>\n<p><iframe loading=\"lazy\" style=\"border: 0;\" src=\"https:\/\/www.google.com\/maps\/embed?pb=!1m14!1m8!1m3!1d2141.9885512804567!2d-58.54517430758107!3d-34.71444414443922!3m2!1i1024!2i768!4f13.1!3m3!1m2!1s0x95bccf5a968000fd%3A0x8a17c89f908491f!2sCapilla+Inmaculada+Concepcion!5e0!3m2!1ses!2sar!4v1552935204441\" width=\"600\" height=\"450\" frameborder=\"0\" allowfullscreen=\"allowfullscreen\"><\/iframe><\/p>\n<p><strong>Parroquia Beato Enrique Angelelli y M\u00e1rtires Riojanos (ex Capilla Santa Clara) &#8211; EC 30-7-2019<\/strong><\/p>\n<p>Direcci\u00f3n: Los Gladiolos y Los Crisantemos \u2013 Barrio 22 de enero<\/p>\n<p>P\u00e1rrocos solidarios : RP. Daniel Eduardo Echeverr\u00eda m.ss.cc. y RP. Anaclet Mbuguje m.ss.cc.<\/p>\n<p><strong>Capilla Santa Rita<\/strong><br \/>\nDirecci\u00f3n: Las Calas 440 \u2013 Barrio 22 de enero<\/p>\n<p><iframe loading=\"lazy\" style=\"border: 0;\" src=\"https:\/\/www.google.com\/maps\/embed?pb=!1m18!1m12!1m3!1d3816.13449673771!2d-58.55353186269793!3d-34.724305705687456!2m3!1f0!2f0!3f0!3m2!1i1024!2i768!4f13.1!3m3!1m2!1s0x95bccf5f9f973039%3A0x3eae79d9103afdfc!2sLos+Crisantemos+%26+Los+Gladiolos%2C+Cdad.+Evita%2C+Buenos+Aires!5e0!3m2!1ses!2sar!4v1552935417432\" width=\"600\" height=\"450\" frameborder=\"0\" allowfullscreen=\"allowfullscreen\"><\/iframe><\/p>\n<p><strong>Capilla Mar\u00eda Auxiliadora:<\/strong><br \/>\nDirecci\u00f3n: Las Clavelinas 325 \u2013 Barrio 22 de enero<\/p>\n<p><iframe loading=\"lazy\" style=\"border: 0;\" src=\"https:\/\/www.google.com\/maps\/embed?pb=!1m18!1m12!1m3!1d1853.6687228868968!2d-58.55567273272884!3d-34.72785568728771!2m3!1f0!2f0!3f0!3m2!1i1024!2i768!4f13.1!3m3!1m2!1s0x95bccf6018863c03%3A0x217aa2bd75d020f7!2sLas+Clavelinas+325%2C+Cdad.+Evita%2C+Buenos+Aires!5e0!3m2!1ses!2sar!4v1552936667047\" width=\"600\" height=\"450\" frameborder=\"0\" allowfullscreen=\"allowfullscreen\"><\/iframe><\/p>\n<p><u><strong>Parroquia San Cayetano &#8211; EC 24-2-1958<\/strong><br \/>\n<\/u>Direcci\u00f3n: La Jarilla y Fray Gonz\u00e1lez \u2013 Ciudad Evita<br \/>\nTel\u00e9fono : 3528-0045<\/p>\n<p>P\u00e1rroco: Pbro. Claudio Dur\u00e1n<\/p>\n<p>Horario de Secretar\u00eda Parroquial: Martes y jueves de 16 a 18hs<\/p>\n<p><iframe loading=\"lazy\" style=\"border: 0;\" src=\"https:\/\/www.google.com\/maps\/embed?pb=!1m18!1m12!1m3!1d773.8841382408066!2d-58.53156877510417!3d-34.71510065275491!2m3!1f0!2f0!3f0!3m2!1i1024!2i768!4f13.1!3m3!1m2!1s0x95bccf38b02fde89%3A0x2e70c037eb43f71d!2sIglesia+San+Cayetano!5e0!3m2!1ses!2sar!4v1552936708316\" width=\"600\" height=\"450\" frameborder=\"0\" allowfullscreen=\"allowfullscreen\"><\/iframe><\/p>\n<p><strong>Capilla San Francisco:<\/strong><br \/>\nDirecci\u00f3n: Airampu y El Copet\u00f3n &#8211; Ciudad Evita<\/p>\n<p><iframe loading=\"lazy\" style=\"border: 0;\" src=\"https:\/\/www.google.com\/maps\/embed?pb=!1m18!1m12!1m3!1d646.0115951815515!2d-58.52468616075036!3d-34.72317637413282!2m3!1f0!2f0!3f0!3m2!1i1024!2i768!4f13.1!3m3!1m2!1s0x95bccf16b5759ef9%3A0x23c17b152752a4b1!2sCapilla+San+Francisco+de+Asis!5e0!3m2!1ses!2sar!4v1552936732804\" width=\"600\" height=\"450\" frameborder=\"0\" allowfullscreen=\"allowfullscreen\"><\/iframe><\/p>\n<p><strong>Capilla Nuestra Se\u00f1ora de Pompeya:<\/strong><br \/>\nDirecci\u00f3n: Bevilacqua 1995 \u2013 Ciudad Evita<\/p>\n<p><iframe loading=\"lazy\" style=\"border: 0;\" src=\"https:\/\/www.google.com\/maps\/embed?pb=!1m18!1m12!1m3!1d819.7348397019452!2d-58.52926477077996!3d-34.73192289877666!2m3!1f0!2f0!3f0!3m2!1i1024!2i768!4f13.1!3m3!1m2!1s0x95bccf0dabe2d729%3A0xb91666b142bae3df!2sJos%C3%A9+Mario+Bevilaqua+1995%2C+Cdad.+Evita%2C+Buenos+Aires!5e0!3m2!1ses!2sar!4v1552936825837\" width=\"600\" height=\"450\" frameborder=\"0\" allowfullscreen=\"allowfullscreen\"><\/iframe><\/p>\n<p><u><strong>Parroquia San Jos\u00e9 &#8211; EC 15-3-2018<\/strong><br \/>\n<\/u>Direcci\u00f3n: Asamblea y Colonia -Puerta de Hierro<br \/>\nTel\u00e9fono: 4599-4699<br \/>\nP\u00e1rroco: Pbro. Nicol\u00e1s Angelotti<\/p>\n<p>Di\u00e1cono permanente : Sr. Ram\u00f3n Rodr\u00edguez<\/p>\n<p>Capillas:<br \/>\nCapilla Virgen de Itat\u00ed \u2013San Petesburgo<br \/>\nCapilla San Expedito &#8211; Monoblock tablada<br \/>\nCapilla Madre del pueblo &#8211; Puerta de Hierro<\/p>\n<p>Capilla Medalla Milagrosa &#8211;\u00a0La Qulia y el Coat\u00ed \u2013 Complejo 19 \u2013 Monoblock Tablada<\/p>\n<p>Capilla Nuestra Virgen de Caacup\u00e9 y San Blas &#8211; Av. Crovara y Catulo Castillo<\/p>\n<p>Capilla San Cayetano &#8211; Ruta 3 y la V\u00eda.<\/p>\n<p>Misas: Lunes a s\u00e1bados 18hs salvo alguna excepci\u00f3n. D\u00eda Domingo 10am.<\/p>\n<p><iframe loading=\"lazy\" style=\"border: 0;\" src=\"https:\/\/www.google.com\/maps\/embed?pb=!1m18!1m12!1m3!1d3279.8287250213507!2d-58.56355638481101!3d-34.70949968043223!2m3!1f0!2f0!3f0!3m2!1i1024!2i768!4f13.1!3m3!1m2!1s0x95bcc5fd88dfb77b%3A0x56b16dac66d27a65!2sParroquia+%22San+Jose%22!5e0!3m2!1ses!2sar!4v1552936859821\" width=\"600\" height=\"450\" frameborder=\"0\" allowfullscreen=\"allowfullscreen\"><\/iframe><\/p>\n<p><u><strong> Parroquia Centro Croata Leopoldo Mandic<\/strong><br \/>\n<\/u>Direcci\u00f3n: Brandsen 3426 \u2013 Lomas del Mirador<\/p>\n<p>Tel\u00e9fono:\u00a04441-8284 \/ 4651-2363<\/p>\n<p><iframe loading=\"lazy\" style=\"border: 0;\" src=\"https:\/\/www.google.com\/maps\/embed?pb=!1m18!1m12!1m3!1d869.1107149945168!2d-58.5485556978007!3d-34.67173864239256!2m3!1f0!2f0!3f0!3m2!1i1024!2i768!4f13.1!3m3!1m2!1s0x95bcc88471afa1df%3A0x49234a2384bccf4f!2sCnel.+Brandsen+3426%2C+B1754BRN+San+Justo%2C+Buenos+Aires!5e0!3m2!1ses!2sar!4v1552936926238\" width=\"600\" height=\"450\" frameborder=\"0\" allowfullscreen=\"allowfullscreen\"><\/iframe><\/p>\n<p><strong>Parroquia Beato Enrique Angelleli y M\u00e1rtires Riojanos (ex Capilla<br \/>\nSanta Clara) &#8211; EC 30-7-2019<br \/>\n<\/strong>Direcci\u00f3n: Los Gladiolos y Los Crisantemos \u2013 Barrio 22 de enero<\/p>\n<p>Parroquia a cargo de la Unidad Pastoral de los Misioneros de los Sagrados Corazones :<\/p>\n<p>P\u00e1rrocos : RP. Daniel Echeverr\u00eda,m.ss.cc., RP. Anaclet Mbuguje, m.ss.cc. y RP. Edouard Twizeiymana, m.ss.cc.<\/p>\n<p>Vicario Parroquial : R.P. Denis Evina, m.ss.cc.<\/p>\n<p>Vicario Parroquial : R.P. Duruihezie Callistus Chimezie, m.ss.cc<strong><!--Capillas:\n<\/strong><strong>Capilla Santa Rita<\/strong>\nDirecci\u00f3n: Las Calas 440 \u2013 Barrio 22 de enero\n<strong>Capilla Mar\u00eda Auxiliadora:\n<\/strong>Direcci\u00f3n: Las Clavelinas 325 \u2013 Barrio 22 de enero<\/strong>--><\/strong><\/p>\n<p>Capillas<\/p>\n<p>Capilla Maria Auxiliadora<\/p>\n<p>Capilla Santa Rita<\/p>\n<p>Centro Misionero Padre Pere.<\/p>\n<p><iframe loading=\"lazy\" style=\"border: 0;\" src=\"https:\/\/www.google.com\/maps\/embed?pb=!1m18!1m12!1m3!1d375.886166070987!2d-58.55303593803169!3d-34.72399408524959!2m3!1f0!2f0!3f0!3m2!1i1024!2i768!4f13.1!3m3!1m2!1s0x95bccf9b25106d3d%3A0x14917086614d2517!2sParroquia%20Monse%C3%B1or%20Enrique%20Angelelli!5e0!3m2!1ses!2sar!4v1571405115858!5m2!1ses!2sar\" width=\"600\" height=\"450\" frameborder=\"0\" allowfullscreen=\"allowfullscreen\"><\/iframe><\/p>\n","protected":false},"excerpt":{"rendered":"<p>Catedral de los Santos Justo y Pastor &#8211; EC 1-11-1862 Direcci\u00f3n: Dr. Ignacio Arieta 3045 \u2013San Justo Tel\u00e9fono: 4651-1733 &#8211; whatsApp 4651-1733 Secretar\u00eda Parroquial: Lunes a s\u00e1bados de 10hs a 14hs y de 15hs a 19hs Mail: iglesiacatedralsanjusto@gmail.com P\u00e1rroco: Pbro. Leandro Adimari Capilla San Constantino: Direcci\u00f3n: Colombia y Camino de cintura Parroquia San Juan Bosco [&hellip;]<\/p>\n","protected":false},"author":1,"featured_media":0,"parent":0,"menu_order":0,"comment_status":"closed","ping_status":"closed","template":"","meta":[],"_links":{"self":[{"href":"http:\/\/www.diocesisdesanjusto.org\/index.php\/wp-json\/wp\/v2\/pages\/922"}],"collection":[{"href":"http:\/\/www.diocesisdesanjusto.org\/index.php\/wp-json\/wp\/v2\/pages"}],"about":[{"href":"http:\/\/www.diocesisdesanjusto.org\/index.php\/wp-json\/wp\/v2\/types\/page"}],"author":[{"embeddable":true,"href":"http:\/\/www.diocesisdesanjusto.org\/index.php\/wp-json\/wp\/v2\/users\/1"}],"replies":[{"embeddable":true,"href":"http:\/\/www.diocesisdesanjusto.org\/index.php\/wp-json\/wp\/v2\/comments?post=922"}],"version-history":[{"count":123,"href":"http:\/\/www.diocesisdesanjusto.org\/index.php\/wp-json\/wp\/v2\/pages\/922\/revisions"}],"predecessor-version":[{"id":2546,"href":"http:\/\/www.diocesisdesanjusto.org\/index.php\/wp-json\/wp\/v2\/pages\/922\/revisions\/2546"}],"wp:attachment":[{"href":"http:\/\/www.diocesisdesanjusto.org\/index.php\/wp-json\/wp\/v2\/media?parent=922"}],"curies":[{"name":"wp","href":"https:\/\/api.w.org\/{rel}","templated":true}]}}