{"id":182,"date":"2018-12-21T20:18:07","date_gmt":"2018-12-21T20:18:07","guid":{"rendered":"http:\/\/test.w3itsolutions.net\/design\/wp_sanjusto\/?page_id=182"},"modified":"2019-04-11T14:06:08","modified_gmt":"2019-04-11T14:06:08","slug":"links","status":"publish","type":"page","link":"http:\/\/www.diocesisdesanjusto.org\/index.php\/links\/","title":{"rendered":"Links"},"content":{"rendered":"<p><a href=\"http:\/\/iglesia.org\/\">Iglesia.org<\/a><\/p>\n<p><a href=\"http:\/\/w2.vatican.va\/content\/vatican.html\">Web Site Oficial del Vaticano<\/a><\/p>\n<p><a href=\"http:\/\/www.episcopado.org\">Conferencia Episcopal Argentina<\/a><\/p>\n<p><a href=\"http:\/\/www.celam.org\/\">Web Site Oficial del CELAM<\/a><\/p>\n<p><a href=\"http:\/\/www.riial.org\/\">Web Site Oficial de RIIAL<\/a><\/p>\n<p><a href=\"http:\/\/www.aica.org\/\">Asociaci\u00f3n Inform\u00e1tica Cat\u00f3lica Argentina<\/a><\/p>\n<p><a href=\"http:\/\/www.pu-sanjusto.com.ar\/\">Pastoral Universitaria\u00a0<\/a><a href=\"http:\/\/www.pu-sanjusto.com.ar\/\">de San Justo<\/a><\/p>\n","protected":false},"excerpt":{"rendered":"<p>Iglesia.org Web Site Oficial del Vaticano Conferencia Episcopal Argentina Web Site Oficial del CELAM Web Site Oficial de RIIAL Asociaci\u00f3n Inform\u00e1tica Cat\u00f3lica Argentina Pastoral Universitaria\u00a0de San Justo<\/p>\n","protected":false},"author":1,"featured_media":0,"parent":0,"menu_order":0,"comment_status":"closed","ping_status":"closed","template":"","meta":[],"_links":{"self":[{"href":"http:\/\/www.diocesisdesanjusto.org\/index.php\/wp-json\/wp\/v2\/pages\/182"}],"collection":[{"href":"http:\/\/www.diocesisdesanjusto.org\/index.php\/wp-json\/wp\/v2\/pages"}],"about":[{"href":"http:\/\/www.diocesisdesanjusto.org\/index.php\/wp-json\/wp\/v2\/types\/page"}],"author":[{"embeddable":true,"href":"http:\/\/www.diocesisdesanjusto.org\/index.php\/wp-json\/wp\/v2\/users\/1"}],"replies":[{"embeddable":true,"href":"http:\/\/www.diocesisdesanjusto.org\/index.php\/wp-json\/wp\/v2\/comments?post=182"}],"version-history":[{"count":6,"href":"http:\/\/www.diocesisdesanjusto.org\/index.php\/wp-json\/wp\/v2\/pages\/182\/revisions"}],"predecessor-version":[{"id":190,"href":"http:\/\/www.diocesisdesanjusto.org\/index.php\/wp-json\/wp\/v2\/pages\/182\/revisions\/190"}],"wp:attachment":[{"href":"http:\/\/www.diocesisdesanjusto.org\/index.php\/wp-json\/wp\/v2\/media?parent=182"}],"curies":[{"name":"wp","href":"https:\/\/api.w.org\/{rel}","templated":true}]}}