{"id":1757,"date":"2019-06-19T13:54:50","date_gmt":"2019-06-19T13:54:50","guid":{"rendered":"http:\/\/designtest.w3itslabs.net\/wp_sanjusto\/?page_id=1757"},"modified":"2025-04-10T16:30:38","modified_gmt":"2025-04-10T16:30:38","slug":"sacerdotes-del-clero-y-religiosos","status":"publish","type":"page","link":"http:\/\/www.diocesisdesanjusto.org\/index.php\/sacerdotes-del-clero-y-religiosos\/","title":{"rendered":"Sacerdotes del Clero y Religiosos"},"content":{"rendered":"<p><strong>Sacerdotes del Clero y Religiosos<\/strong><\/p>\n<p>Adimari, Leandro<br \/>\nAngelotti, Nicol\u00e1s<br \/>\n\u00c1lvarez, Gustavo Fabi\u00e1n<br \/>\nCagliani, Juan Carlos<br \/>\nCalvani, Mario Elio<br \/>\nCardea, Mauricio Ernesto<\/p>\n<p>Caruso, Pablo<br \/>\nChazarreta, Julio Sixto<br \/>\nCuevas, Ra\u00fal<br \/>\nDe Menditte, Jorge<br \/>\nDe Sanzzi, Dante<\/p>\n<p>Duarte Flavio,<\/p>\n<p>Dur\u00e1n, Claudio<\/p>\n<p>Figliuolo, Claudio Norberto<br \/>\nFusca, Fabi\u00e1n<\/p>\n<p>Garc\u00eda, Ra\u00fal Belarmino<br \/>\nGavil\u00e1n Villalba, Ram\u00f3n<br \/>\nGianfranchi, Sergio<\/p>\n<p>Mikalonis, Marco<br \/>\nMolina, Daniel Oscar<br \/>\nMorre, Juan Antonio<\/p>\n<p>Ortiz, Gustavo<\/p>\n<p>Parasco, Enrique V\u00edctor<br \/>\nPereira, Leonardo Antonio<br \/>\nPinto Gros, Pablo<br \/>\nPosca, Walter<br \/>\nPulli, Claudio Antonio<br \/>\nRolleri, Ignacio Luis<br \/>\nRomero, Cirilo<br \/>\nRostom Maderna, Santiago<br \/>\nR\u00faffolo, Carlos Emilio<br \/>\nRuiz, Julio C\u00e9sar<br \/>\nSalimbene, Sebasti\u00e1n<br \/>\nScapino, Gustavo<br \/>\nScardamaglia, Roberto<br \/>\nTorre, Carlos Luis<br \/>\nVernet, Pablo M.<br \/>\nZanor, Pablo<\/p>\n<p><strong>Sacerdotes pertenecientes a Congregaciones Religiosas:<\/strong><\/p>\n<p><strong>Sacerdotes de Don Bosco<\/strong><\/p>\n<p>RP. V\u00edctor Tarazona Oliveros sdb<br \/>\nRP. Vicente Tirabasso sdb<br \/>\nRP. Enrique Romani sdb<br \/>\nRP. Juan Carlos De Pablo sdb<br \/>\nRP. Alejo Ovelar sdb<br \/>\nRP. Juan Carlos Meinvielle sdb<br \/>\nRP. Miguel Bencharski sdb<\/p>\n<p>RP.Horacio Z\u00e1rate sdb<\/p>\n<p><strong>Sacerdotes del Sagrado Coraz\u00f3n &#8211; Dehonianos<\/strong><\/p>\n<p>RP. Marcelo Andr\u00e9s Reynoso scj<\/p>\n<p>RP. Severino Verzeni scj<\/p>\n<p>RP. Juan Domingo Griffone scj<\/p>\n<p><strong>Siervos de Don Guanella<\/strong><\/p>\n<p style=\"text-align: left;\">RP. Franciso Bernardone dos Santos Costa SdC<\/p>\n<p>RP. Adriel Wilson Da Silva SdC<\/p>\n<p><strong>Misioneros de los Sagrados Corazones\u00a0<\/strong><\/p>\n<p>RP. Daniel Eduardo Echeverr\u00eda, mm.ss.cc.<\/p>\n<p>RP. Anaclet Mbuguje, mm.ss.cc.<\/p>\n<p>RP. Edouard Twizeyimana, m.ss.cc.<\/p>\n<p>RP. Duruihezie Callistus Chimezie, m.ss.cc.<\/p>\n<p><strong>Seminaristas diocesanos<\/strong><\/p>\n<p>Ezequiel Fernando Ojeda Gonz\u00e1lez<\/p>\n<p>Juli\u00e1n Agust\u00edn A\u00f1asco<\/p>\n","protected":false},"excerpt":{"rendered":"<p>Sacerdotes del Clero y Religiosos Adimari, Leandro Angelotti, Nicol\u00e1s \u00c1lvarez, Gustavo Fabi\u00e1n Cagliani, Juan Carlos Calvani, Mario Elio Cardea, Mauricio Ernesto Caruso, Pablo Chazarreta, Julio Sixto Cuevas, Ra\u00fal De Menditte, Jorge De Sanzzi, Dante Duarte Flavio, Dur\u00e1n, Claudio Figliuolo, Claudio Norberto Fusca, Fabi\u00e1n Garc\u00eda, Ra\u00fal Belarmino Gavil\u00e1n Villalba, Ram\u00f3n Gianfranchi, Sergio Mikalonis, Marco Molina, Daniel [&hellip;]<\/p>\n","protected":false},"author":1,"featured_media":0,"parent":0,"menu_order":0,"comment_status":"closed","ping_status":"closed","template":"","meta":[],"_links":{"self":[{"href":"http:\/\/www.diocesisdesanjusto.org\/index.php\/wp-json\/wp\/v2\/pages\/1757"}],"collection":[{"href":"http:\/\/www.diocesisdesanjusto.org\/index.php\/wp-json\/wp\/v2\/pages"}],"about":[{"href":"http:\/\/www.diocesisdesanjusto.org\/index.php\/wp-json\/wp\/v2\/types\/page"}],"author":[{"embeddable":true,"href":"http:\/\/www.diocesisdesanjusto.org\/index.php\/wp-json\/wp\/v2\/users\/1"}],"replies":[{"embeddable":true,"href":"http:\/\/www.diocesisdesanjusto.org\/index.php\/wp-json\/wp\/v2\/comments?post=1757"}],"version-history":[{"count":18,"href":"http:\/\/www.diocesisdesanjusto.org\/index.php\/wp-json\/wp\/v2\/pages\/1757\/revisions"}],"predecessor-version":[{"id":2488,"href":"http:\/\/www.diocesisdesanjusto.org\/index.php\/wp-json\/wp\/v2\/pages\/1757\/revisions\/2488"}],"wp:attachment":[{"href":"http:\/\/www.diocesisdesanjusto.org\/index.php\/wp-json\/wp\/v2\/media?parent=1757"}],"curies":[{"name":"wp","href":"https:\/\/api.w.org\/{rel}","templated":true}]}}